{"id":5,"date":"2020-11-30T14:14:32","date_gmt":"2020-11-30T13:14:32","guid":{"rendered":"http:\/\/panorama-ferien-toscana.com\/?page_id=5"},"modified":"2022-12-18T09:59:28","modified_gmt":"2022-12-18T08:59:28","slug":"ihr-feriendomizil-in-der-toscana","status":"publish","type":"page","link":"https:\/\/panorama-ferien-toscana.com\/it\/ihr-feriendomizil-in-der-toscana\/","title":{"rendered":"Landingpage FB"},"content":{"rendered":"<div data-elementor-type=\"wp-page\" data-elementor-id=\"5\" class=\"elementor elementor-5\" data-elementor-post-type=\"page\">\n\t\t\t\t\t\t<section class=\"elementor-section elementor-top-section elementor-element elementor-element-1b48940e elementor-section-height-min-height elementor-section-items-stretch elementor-section-boxed elementor-section-height-default\" data-id=\"1b48940e\" data-element_type=\"section\" data-settings=\"{&quot;background_background&quot;:&quot;classic&quot;,&quot;animation&quot;:&quot;none&quot;,&quot;shape_divider_bottom&quot;:&quot;triangle&quot;,&quot;shape_divider_bottom_negative&quot;:&quot;yes&quot;}\">\n\t\t\t\t\t\t\t<div class=\"elementor-background-overlay\"><\/div>\n\t\t\t\t\t\t<div class=\"elementor-shape elementor-shape-bottom\" aria-hidden=\"true\" data-negative=\"true\">\n\t\t\t<svg xmlns=\"http:\/\/www.w3.org\/2000\/svg\" viewbox=\"0 0 1000 100\" preserveaspectratio=\"none\">\n\t<path class=\"elementor-shape-fill\" d=\"M500.2,94.7L0,0v100h1000V0L500.2,94.7z\"\/>\n<\/svg>\t\t<\/div>\n\t\t\t\t\t<div class=\"elementor-container elementor-column-gap-no\">\n\t\t\t\t\t<div class=\"elementor-column elementor-col-100 elementor-top-column elementor-element elementor-element-20928acf\" data-id=\"20928acf\" data-element_type=\"column\">\n\t\t\t<div class=\"elementor-widget-wrap elementor-element-populated\">\n\t\t\t\t\t\t<div class=\"elementor-element elementor-element-d4d6972 elementor-widget elementor-widget-text-editor\" data-id=\"d4d6972\" data-element_type=\"widget\" data-widget_type=\"text-editor.default\">\n\t\t\t\t<div class=\"elementor-widget-container\">\n\t\t\t\t\t\t\t\t\t<p>Herzlich willkommen in Ihrem exklusiven Feriendomizil in der<\/p>\t\t\t\t\t\t\t\t<\/div>\n\t\t\t\t<\/div>\n\t\t\t\t<div class=\"elementor-element elementor-element-45c2c756 elementor-widget__width-inherit elementor-widget elementor-widget-heading\" data-id=\"45c2c756\" data-element_type=\"widget\" data-widget_type=\"heading.default\">\n\t\t\t\t<div class=\"elementor-widget-container\">\n\t\t\t\t\t<h1 class=\"elementor-heading-title elementor-size-medium\">Gr\u00fcnen Toscana<\/h1>\t\t\t\t<\/div>\n\t\t\t\t<\/div>\n\t\t\t\t\t<\/div>\n\t\t<\/div>\n\t\t\t\t\t<\/div>\n\t\t<\/section>\n\t\t\t\t<section class=\"elementor-section elementor-top-section elementor-element elementor-element-fdce1d3 elementor-section-boxed elementor-section-height-default elementor-section-height-default\" data-id=\"fdce1d3\" data-element_type=\"section\">\n\t\t\t\t\t\t<div class=\"elementor-container elementor-column-gap-default\">\n\t\t\t\t\t<div class=\"elementor-column elementor-col-100 elementor-top-column elementor-element elementor-element-f518208\" data-id=\"f518208\" data-element_type=\"column\">\n\t\t\t<div class=\"elementor-widget-wrap elementor-element-populated\">\n\t\t\t\t\t\t<div class=\"elementor-element elementor-element-3b0b415 elementor-widget elementor-widget-text-editor\" data-id=\"3b0b415\" data-element_type=\"widget\" data-widget_type=\"text-editor.default\">\n\t\t\t\t<div class=\"elementor-widget-container\">\n\t\t\t\t\t\t\t\t\t<p>\u00a0<\/p><p>Eine unvergessliche Zeit mit f\u00fcnf gem\u00fctlichen und famili\u00e4ren Apartments von privat in einem typisch italienischen, rustikalen Landhausstil <span style=\"font-family: 'Open Sans', sans-serif; font-size: 20px; font-style: normal; font-variant-ligatures: normal; font-variant-caps: normal; font-weight: 400;\">erwartet Sie\u00a0&#8230;<\/span><\/p>\t\t\t\t\t\t\t\t<\/div>\n\t\t\t\t<\/div>\n\t\t\t\t<div class=\"elementor-element elementor-element-7f6a5ce elementor-hidden-mobile elementor-widget elementor-widget-spacer\" data-id=\"7f6a5ce\" data-element_type=\"widget\" data-widget_type=\"spacer.default\">\n\t\t\t\t<div class=\"elementor-widget-container\">\n\t\t\t\t\t\t\t<div class=\"elementor-spacer\">\n\t\t\t<div class=\"elementor-spacer-inner\"><\/div>\n\t\t<\/div>\n\t\t\t\t\t\t<\/div>\n\t\t\t\t<\/div>\n\t\t\t\t\t<\/div>\n\t\t<\/div>\n\t\t\t\t\t<\/div>\n\t\t<\/section>\n\t\t\t\t<section class=\"elementor-section elementor-top-section elementor-element elementor-element-7533fcc elementor-section-boxed elementor-section-height-default elementor-section-height-default\" data-id=\"7533fcc\" data-element_type=\"section\">\n\t\t\t\t\t\t<div class=\"elementor-container elementor-column-gap-default\">\n\t\t\t\t\t<div class=\"elementor-column elementor-col-100 elementor-top-column elementor-element elementor-element-30ebe18\" data-id=\"30ebe18\" data-element_type=\"column\">\n\t\t\t<div class=\"elementor-widget-wrap elementor-element-populated\">\n\t\t\t\t\t\t<div class=\"elementor-element elementor-element-99d544b elementor-align-center elementor-widget elementor-widget-button\" data-id=\"99d544b\" data-element_type=\"widget\" data-widget_type=\"button.default\">\n\t\t\t\t<div class=\"elementor-widget-container\">\n\t\t\t\t\t\t\t\t\t<div class=\"elementor-button-wrapper\">\n\t\t\t\t\t<a class=\"elementor-button elementor-button-link elementor-size-xl elementor-animation-bob\" href=\"https:\/\/panorama-ferien-toscana.com\/it\/jetzt-ferien-planen\/\">\n\t\t\t\t\t\t<span class=\"elementor-button-content-wrapper\">\n\t\t\t\t\t\t\t\t\t<span class=\"elementor-button-text\">Ich m\u00f6chte mehr \u00fcber meine Panorama-Ferien erfahren<\/span>\n\t\t\t\t\t<\/span>\n\t\t\t\t\t<\/a>\n\t\t\t\t<\/div>\n\t\t\t\t\t\t\t\t<\/div>\n\t\t\t\t<\/div>\n\t\t\t\t\t<\/div>\n\t\t<\/div>\n\t\t\t\t\t<\/div>\n\t\t<\/section>\n\t\t\t\t<section class=\"elementor-section elementor-top-section elementor-element elementor-element-9b6c2d6 elementor-hidden-mobile elementor-section-boxed elementor-section-height-default elementor-section-height-default\" data-id=\"9b6c2d6\" data-element_type=\"section\">\n\t\t\t\t\t\t<div class=\"elementor-container elementor-column-gap-default\">\n\t\t\t\t\t<div class=\"elementor-column elementor-col-100 elementor-top-column elementor-element elementor-element-d27f094\" data-id=\"d27f094\" data-element_type=\"column\">\n\t\t\t<div class=\"elementor-widget-wrap elementor-element-populated\">\n\t\t\t\t\t\t<div class=\"elementor-element elementor-element-0329149 elementor-widget elementor-widget-spacer\" data-id=\"0329149\" data-element_type=\"widget\" data-widget_type=\"spacer.default\">\n\t\t\t\t<div class=\"elementor-widget-container\">\n\t\t\t\t\t\t\t<div class=\"elementor-spacer\">\n\t\t\t<div class=\"elementor-spacer-inner\"><\/div>\n\t\t<\/div>\n\t\t\t\t\t\t<\/div>\n\t\t\t\t<\/div>\n\t\t\t\t\t<\/div>\n\t\t<\/div>\n\t\t\t\t\t<\/div>\n\t\t<\/section>\n\t\t\t\t<section class=\"elementor-section elementor-top-section elementor-element elementor-element-ddb71f1 elementor-section-boxed elementor-section-height-default elementor-section-height-default\" data-id=\"ddb71f1\" data-element_type=\"section\">\n\t\t\t\t\t\t<div class=\"elementor-container elementor-column-gap-default\">\n\t\t\t\t\t<div class=\"elementor-column elementor-col-100 elementor-top-column elementor-element elementor-element-8669fbc\" data-id=\"8669fbc\" data-element_type=\"column\">\n\t\t\t<div class=\"elementor-widget-wrap elementor-element-populated\">\n\t\t\t\t\t\t<div class=\"elementor-element elementor-element-eaf4396 elementor-widget elementor-widget-text-editor\" data-id=\"eaf4396\" data-element_type=\"widget\" data-widget_type=\"text-editor.default\">\n\t\t\t\t<div class=\"elementor-widget-container\">\n\t\t\t\t\t\t\t\t\t<ul><li>Gem\u00fctliche-famili\u00e4re Ferienwohnungen von privat\u00a0<\/li><li>Deutsch kundige Ansprechpartner<\/li><li>Typischer Landhausstil mit traumhaftem Panoramablick<\/li><li>Nahegelegener See, Meer und Thermalb\u00e4der<\/li><li>Gut erreichbare Sehensw\u00fcrdigkeiten der Toscana<\/li><li>Buchung ab 495 Euro pro Woche bis 4 Personen alles inbegriffen (Bettw\u00e4sche, Handt\u00fccher, Kurtaxe, jeden Verbrauch und Endreinigung)<\/li><\/ul>\t\t\t\t\t\t\t\t<\/div>\n\t\t\t\t<\/div>\n\t\t\t\t\t<\/div>\n\t\t<\/div>\n\t\t\t\t\t<\/div>\n\t\t<\/section>\n\t\t\t\t<section class=\"elementor-section elementor-top-section elementor-element elementor-element-f1d5079 elementor-section-boxed elementor-section-height-default elementor-section-height-default\" data-id=\"f1d5079\" data-element_type=\"section\">\n\t\t\t\t\t\t<div class=\"elementor-container elementor-column-gap-default\">\n\t\t\t\t\t<div class=\"elementor-column elementor-col-100 elementor-top-column elementor-element elementor-element-e822c93\" data-id=\"e822c93\" data-element_type=\"column\">\n\t\t\t<div class=\"elementor-widget-wrap elementor-element-populated\">\n\t\t\t\t\t\t<div class=\"elementor-element elementor-element-8d9fcb2 elementor-widget elementor-widget-spacer\" data-id=\"8d9fcb2\" data-element_type=\"widget\" data-widget_type=\"spacer.default\">\n\t\t\t\t<div class=\"elementor-widget-container\">\n\t\t\t\t\t\t\t<div class=\"elementor-spacer\">\n\t\t\t<div class=\"elementor-spacer-inner\"><\/div>\n\t\t<\/div>\n\t\t\t\t\t\t<\/div>\n\t\t\t\t<\/div>\n\t\t\t\t\t<\/div>\n\t\t<\/div>\n\t\t\t\t\t<\/div>\n\t\t<\/section>\n\t\t\t\t<section class=\"elementor-section elementor-top-section elementor-element elementor-element-4efc9c2 elementor-section-boxed elementor-section-height-default elementor-section-height-default\" data-id=\"4efc9c2\" data-element_type=\"section\">\n\t\t\t\t\t\t<div class=\"elementor-container elementor-column-gap-default\">\n\t\t\t\t\t<div class=\"elementor-column elementor-col-100 elementor-top-column elementor-element elementor-element-81c2ad4\" data-id=\"81c2ad4\" data-element_type=\"column\">\n\t\t\t<div class=\"elementor-widget-wrap elementor-element-populated\">\n\t\t\t\t\t\t<div class=\"elementor-element elementor-element-72d5cf7 elementor-widget elementor-widget-text-editor\" data-id=\"72d5cf7\" data-element_type=\"widget\" data-widget_type=\"text-editor.default\">\n\t\t\t\t<div class=\"elementor-widget-container\">\n\t\t\t\t\t\t\t\t\t<p>Das Landhaus<\/p>\t\t\t\t\t\t\t\t<\/div>\n\t\t\t\t<\/div>\n\t\t\t\t\t<\/div>\n\t\t<\/div>\n\t\t\t\t\t<\/div>\n\t\t<\/section>\n\t\t\t\t<section class=\"elementor-section elementor-top-section elementor-element elementor-element-f4468ed elementor-section-boxed elementor-section-height-default elementor-section-height-default\" data-id=\"f4468ed\" data-element_type=\"section\">\n\t\t\t\t\t\t<div class=\"elementor-container elementor-column-gap-default\">\n\t\t\t\t\t<div class=\"elementor-column elementor-col-100 elementor-top-column elementor-element elementor-element-6ef1eaf\" data-id=\"6ef1eaf\" data-element_type=\"column\">\n\t\t\t<div class=\"elementor-widget-wrap elementor-element-populated\">\n\t\t\t\t\t\t<div class=\"elementor-element elementor-element-d393b44 elementor-widget elementor-widget-text-editor\" data-id=\"d393b44\" data-element_type=\"widget\" data-widget_type=\"text-editor.default\">\n\t\t\t\t<div class=\"elementor-widget-container\">\n\t\t\t\t\t\t\t\t\t<p>Su una collina con una dietro stante una macchia mediterranea<em>\u00a0<\/em>Wald und einem wundersch\u00f6nen Blick in ein weites Tal liegt das Landhaus &#8222;Palazzina&#8220; in idyllischer Ruhe. In dieser traumhaften Atmosph\u00e4re der Toscana<span style=\"font-size: 18px;\">\u00a0hei\u00dfen wir &#8211; die Familie Veers und Manieri &#8211; Sie herzlich willkommen. Bei Fragen k\u00f6nnen Sie sich jederzeit auch auf Deutsch an uns wenden. Wir stehen Ihnen gerne unterst\u00fctzend zur Seite.<\/span><\/p><p>Die mittelalterliche Stadt Massa Marittima ist in nur 5 Minuten mit dem Auto erreichbar. Hier finden Sie vielf\u00e4ltige Sehensw\u00fcrdigkeiten (antike Kirchen, eine Stadtmauer, einen Dom, einen urigen\u00a0Kreuzweg usw.), verschiedene Einkaufsm\u00f6glichkeiten wie zum Beispiel einen typischen Wochenmarkt und Lokale mit toskanischen Speisen, um gem\u00fctlich einzukehren. Das Mittelmeer erreichen Sie in 15 Minuten, den Natursee Accesa in nur 5 Minuten. Viele Sehensw\u00fcrdigkeiten sind unmittelbar vor Ihrer Haust\u00fcr zu entdecken &#8230;<\/p>\t\t\t\t\t\t\t\t<\/div>\n\t\t\t\t<\/div>\n\t\t\t\t\t<\/div>\n\t\t<\/div>\n\t\t\t\t\t<\/div>\n\t\t<\/section>\n\t\t\t\t<section class=\"elementor-section elementor-top-section elementor-element elementor-element-f54b97d elementor-section-boxed elementor-section-height-default elementor-section-height-default\" data-id=\"f54b97d\" data-element_type=\"section\" data-settings=\"{&quot;background_background&quot;:&quot;classic&quot;}\">\n\t\t\t\t\t\t<div class=\"elementor-container elementor-column-gap-wider\">\n\t\t\t\t\t<div class=\"elementor-column elementor-col-33 elementor-top-column elementor-element elementor-element-1b8a968\" data-id=\"1b8a968\" data-element_type=\"column\">\n\t\t\t<div class=\"elementor-widget-wrap elementor-element-populated\">\n\t\t\t\t\t\t<div class=\"elementor-element elementor-element-1712c57 animated-slow elementor-position-top elementor-invisible elementor-widget elementor-widget-image-box\" data-id=\"1712c57\" data-element_type=\"widget\" data-settings=\"{&quot;_animation&quot;:&quot;fadeIn&quot;,&quot;_animation_delay&quot;:300}\" data-widget_type=\"image-box.default\">\n\t\t\t\t<div class=\"elementor-widget-container\">\n\t\t\t\t\t<div class=\"elementor-image-box-wrapper\"><figure class=\"elementor-image-box-img\"><img fetchpriority=\"high\" decoding=\"async\" width=\"1064\" height=\"708\" src=\"https:\/\/panorama-ferien-toscana.com\/wp-content\/uploads\/2021\/01\/rsz_ch2_6213.jpg\" class=\"attachment-full size-full wp-image-668\" alt=\"\" title=\"\" srcset=\"https:\/\/panorama-ferien-toscana.com\/wp-content\/uploads\/2021\/01\/rsz_ch2_6213.jpg 1064w, https:\/\/panorama-ferien-toscana.com\/wp-content\/uploads\/2021\/01\/rsz_ch2_6213-300x200.jpg 300w, https:\/\/panorama-ferien-toscana.com\/wp-content\/uploads\/2021\/01\/rsz_ch2_6213-1024x681.jpg 1024w, https:\/\/panorama-ferien-toscana.com\/wp-content\/uploads\/2021\/01\/rsz_ch2_6213-768x511.jpg 768w\" sizes=\"(max-width: 1064px) 100vw, 1064px\" \/><\/figure><div class=\"elementor-image-box-content\"><h3 class=\"elementor-image-box-title\">Apartments mit traumhaftem Ausblick<\/h3><p class=\"elementor-image-box-description\">Ein weites Panorama und \nwundersch\u00f6ne Sonnenunterg\u00e4nge laden zum Tr\u00e4umen ein ...<\/p><\/div><\/div>\t\t\t\t<\/div>\n\t\t\t\t<\/div>\n\t\t\t\t\t<\/div>\n\t\t<\/div>\n\t\t\t\t<div class=\"elementor-column elementor-col-33 elementor-top-column elementor-element elementor-element-ea05d61\" data-id=\"ea05d61\" data-element_type=\"column\">\n\t\t\t<div class=\"elementor-widget-wrap elementor-element-populated\">\n\t\t\t\t\t\t<div class=\"elementor-element elementor-element-b0bea75 animated-slow elementor-position-top elementor-invisible elementor-widget elementor-widget-image-box\" data-id=\"b0bea75\" data-element_type=\"widget\" data-settings=\"{&quot;_animation&quot;:&quot;fadeIn&quot;,&quot;_animation_delay&quot;:300}\" data-widget_type=\"image-box.default\">\n\t\t\t\t<div class=\"elementor-widget-container\">\n\t\t\t\t\t<div class=\"elementor-image-box-wrapper\"><figure class=\"elementor-image-box-img\"><img decoding=\"async\" width=\"1064\" height=\"708\" src=\"https:\/\/panorama-ferien-toscana.com\/wp-content\/uploads\/2021\/01\/rsz_1ch2_6200.jpg\" class=\"attachment-full size-full wp-image-669\" alt=\"\" title=\"\" srcset=\"https:\/\/panorama-ferien-toscana.com\/wp-content\/uploads\/2021\/01\/rsz_1ch2_6200.jpg 1064w, https:\/\/panorama-ferien-toscana.com\/wp-content\/uploads\/2021\/01\/rsz_1ch2_6200-300x200.jpg 300w, https:\/\/panorama-ferien-toscana.com\/wp-content\/uploads\/2021\/01\/rsz_1ch2_6200-1024x681.jpg 1024w, https:\/\/panorama-ferien-toscana.com\/wp-content\/uploads\/2021\/01\/rsz_1ch2_6200-768x511.jpg 768w\" sizes=\"(max-width: 1064px) 100vw, 1064px\" \/><\/figure><div class=\"elementor-image-box-content\"><h3 class=\"elementor-image-box-title\">Das Landhaus<\/h3><p class=\"elementor-image-box-description\">Die Natur und der typische immergr\u00fcne Wald der Toscana umgeben das Landhaus ...<\/p><\/div><\/div>\t\t\t\t<\/div>\n\t\t\t\t<\/div>\n\t\t\t\t\t<\/div>\n\t\t<\/div>\n\t\t\t\t<div class=\"elementor-column elementor-col-33 elementor-top-column elementor-element elementor-element-38b60a6\" data-id=\"38b60a6\" data-element_type=\"column\">\n\t\t\t<div class=\"elementor-widget-wrap elementor-element-populated\">\n\t\t\t\t\t\t<div class=\"elementor-element elementor-element-144bd47 animated-slow elementor-position-top elementor-invisible elementor-widget elementor-widget-image-box\" data-id=\"144bd47\" data-element_type=\"widget\" data-settings=\"{&quot;_animation&quot;:&quot;fadeIn&quot;,&quot;_animation_delay&quot;:300}\" data-widget_type=\"image-box.default\">\n\t\t\t\t<div class=\"elementor-widget-container\">\n\t\t\t\t\t<div class=\"elementor-image-box-wrapper\"><figure class=\"elementor-image-box-img\"><img decoding=\"async\" width=\"1064\" height=\"708\" src=\"https:\/\/panorama-ferien-toscana.com\/wp-content\/uploads\/2021\/01\/rsz_ch2_6118.jpg\" class=\"attachment-full size-full wp-image-670\" alt=\"Panorama Ferien\" title=\"\" srcset=\"https:\/\/panorama-ferien-toscana.com\/wp-content\/uploads\/2021\/01\/rsz_ch2_6118.jpg 1064w, https:\/\/panorama-ferien-toscana.com\/wp-content\/uploads\/2021\/01\/rsz_ch2_6118-300x200.jpg 300w, https:\/\/panorama-ferien-toscana.com\/wp-content\/uploads\/2021\/01\/rsz_ch2_6118-1024x681.jpg 1024w, https:\/\/panorama-ferien-toscana.com\/wp-content\/uploads\/2021\/01\/rsz_ch2_6118-768x511.jpg 768w\" sizes=\"(max-width: 1064px) 100vw, 1064px\" \/><\/figure><div class=\"elementor-image-box-content\"><h3 class=\"elementor-image-box-title\">Ein unendliches Panorama <\/h3><p class=\"elementor-image-box-description\">Von jedem Apartment aus haben Sie eine traumhafte Aussicht auf ein weites Tal...<\/p><\/div><\/div>\t\t\t\t<\/div>\n\t\t\t\t<\/div>\n\t\t\t\t\t<\/div>\n\t\t<\/div>\n\t\t\t\t\t<\/div>\n\t\t<\/section>\n\t\t\t\t<section class=\"elementor-section elementor-top-section elementor-element elementor-element-f2c305a elementor-hidden-desktop elementor-section-boxed elementor-section-height-default elementor-section-height-default\" data-id=\"f2c305a\" data-element_type=\"section\">\n\t\t\t\t\t\t<div class=\"elementor-container elementor-column-gap-default\">\n\t\t\t\t\t<div class=\"elementor-column elementor-col-100 elementor-top-column elementor-element elementor-element-0f237bb\" data-id=\"0f237bb\" data-element_type=\"column\">\n\t\t\t<div class=\"elementor-widget-wrap elementor-element-populated\">\n\t\t\t\t\t\t<div class=\"elementor-element elementor-element-468af9f elementor-hidden-desktop elementor-hidden-mobile elementor-widget elementor-widget-spacer\" data-id=\"468af9f\" data-element_type=\"widget\" data-widget_type=\"spacer.default\">\n\t\t\t\t<div class=\"elementor-widget-container\">\n\t\t\t\t\t\t\t<div class=\"elementor-spacer\">\n\t\t\t<div class=\"elementor-spacer-inner\"><\/div>\n\t\t<\/div>\n\t\t\t\t\t\t<\/div>\n\t\t\t\t<\/div>\n\t\t\t\t\t<\/div>\n\t\t<\/div>\n\t\t\t\t\t<\/div>\n\t\t<\/section>\n\t\t\t\t<section class=\"elementor-section elementor-top-section elementor-element elementor-element-e9082f0 elementor-section-boxed elementor-section-height-default elementor-section-height-default\" data-id=\"e9082f0\" data-element_type=\"section\">\n\t\t\t\t\t\t<div class=\"elementor-container elementor-column-gap-default\">\n\t\t\t\t\t<div class=\"elementor-column elementor-col-100 elementor-top-column elementor-element elementor-element-0f516a0\" data-id=\"0f516a0\" data-element_type=\"column\">\n\t\t\t<div class=\"elementor-widget-wrap elementor-element-populated\">\n\t\t\t\t\t\t<div class=\"elementor-element elementor-element-33ea70a elementor-widget elementor-widget-text-editor\" data-id=\"33ea70a\" data-element_type=\"widget\" data-widget_type=\"text-editor.default\">\n\t\t\t\t<div class=\"elementor-widget-container\">\n\t\t\t\t\t\t\t\t\t<p>Appartamenti<\/p>\t\t\t\t\t\t\t\t<\/div>\n\t\t\t\t<\/div>\n\t\t\t\t\t<\/div>\n\t\t<\/div>\n\t\t\t\t\t<\/div>\n\t\t<\/section>\n\t\t\t\t<section class=\"elementor-section elementor-top-section elementor-element elementor-element-277058b elementor-section-boxed elementor-section-height-default elementor-section-height-default\" data-id=\"277058b\" data-element_type=\"section\">\n\t\t\t\t\t\t<div class=\"elementor-container elementor-column-gap-default\">\n\t\t\t\t\t<div class=\"elementor-column elementor-col-100 elementor-top-column elementor-element elementor-element-bb26071\" data-id=\"bb26071\" data-element_type=\"column\">\n\t\t\t<div class=\"elementor-widget-wrap elementor-element-populated\">\n\t\t\t\t\t\t<div class=\"elementor-element elementor-element-ef326ee elementor-widget elementor-widget-text-editor\" data-id=\"ef326ee\" data-element_type=\"widget\" data-widget_type=\"text-editor.default\">\n\t\t\t\t<div class=\"elementor-widget-container\">\n\t\t\t\t\t\t\t\t\t<p>Wir bieten Ihnen f\u00fcnf circa 50 qm gro\u00dfe Apartments f\u00fcr 2 bis 4 Personen im toskanischen Stil an. In jedem Apartment erwartet Sie ein Wohnraum mit einer gut ausgestatteten K\u00fcche, einem komfortablen Badezimmer und einem Schlafzimmer. Fernseher, Internetverbindung und Waschmaschine sind ebenfalls vorhanden.\u00a0Unter einem rustikalen Holzgeb\u00e4lk (Travetti) und toskanischen Dachziegeln (Mezzane) l\u00e4sst es sich gem\u00fctlich wohnen. Der rustikale Stil wird zus\u00e4tzlich durch ein freigelegtes Mauerwerk hervorgehoben. Jede Wohnung verf\u00fcgt \u00fcber einen separaten Eingang mit bequemen Sitzm\u00f6glichkeiten, von wo aus Sie zwischen Korkeichen, Olivenhainen und Zypressen bei Sonnenuntergang und Grillenzirpen einen leckeren Rotwein genie\u00dfen und auf ein weites Tal blicken k\u00f6nnen &#8230;<\/p><p>\u00a0<\/p>\t\t\t\t\t\t\t\t<\/div>\n\t\t\t\t<\/div>\n\t\t\t\t\t<\/div>\n\t\t<\/div>\n\t\t\t\t\t<\/div>\n\t\t<\/section>\n\t\t\t\t<section class=\"elementor-section elementor-top-section elementor-element elementor-element-3353d4d elementor-section-boxed elementor-section-height-default elementor-section-height-default\" data-id=\"3353d4d\" data-element_type=\"section\" data-settings=\"{&quot;background_background&quot;:&quot;classic&quot;,&quot;animation&quot;:&quot;none&quot;}\">\n\t\t\t\t\t\t\t<div class=\"elementor-background-overlay\"><\/div>\n\t\t\t\t\t\t\t<div class=\"elementor-container elementor-column-gap-no\">\n\t\t\t\t\t<div class=\"elementor-column elementor-col-50 elementor-top-column elementor-element elementor-element-23a1245\" data-id=\"23a1245\" data-element_type=\"column\">\n\t\t\t<div class=\"elementor-widget-wrap elementor-element-populated\">\n\t\t\t\t\t\t<div class=\"elementor-element elementor-element-4f2e7cca elementor-widget elementor-widget-image\" data-id=\"4f2e7cca\" data-element_type=\"widget\" data-settings=\"{&quot;_animation&quot;:&quot;none&quot;,&quot;_animation_delay&quot;:100}\" data-widget_type=\"image.default\">\n\t\t\t\t<div class=\"elementor-widget-container\">\n\t\t\t\t\t\t\t\t\t\t\t\t\t\t\t\t<a href=\"#\">\n\t\t\t\t\t\t\t<img decoding=\"async\" src=\"https:\/\/panorama-ferien-toscana.com\/wp-content\/uploads\/2021\/01\/rsz_ch2_6012.jpg\" title=\"rsz_ch2_6012\" alt=\"rsz_ch2_6012\" loading=\"lazy\" \/>\t\t\t\t\t\t\t\t<\/a>\n\t\t\t\t\t\t\t\t\t\t\t\t\t\t\t<\/div>\n\t\t\t\t<\/div>\n\t\t\t\t\t<\/div>\n\t\t<\/div>\n\t\t\t\t<div class=\"elementor-column elementor-col-50 elementor-top-column elementor-element elementor-element-7c76b6fe\" data-id=\"7c76b6fe\" data-element_type=\"column\">\n\t\t\t<div class=\"elementor-widget-wrap elementor-element-populated\">\n\t\t\t\t\t\t<div class=\"elementor-element elementor-element-1393960d elementor-widget elementor-widget-image\" data-id=\"1393960d\" data-element_type=\"widget\" data-settings=\"{&quot;_animation&quot;:&quot;none&quot;,&quot;_animation_delay&quot;:200}\" data-widget_type=\"image.default\">\n\t\t\t\t<div class=\"elementor-widget-container\">\n\t\t\t\t\t\t\t\t\t\t\t\t\t\t\t\t<a href=\"#\">\n\t\t\t\t\t\t\t<img decoding=\"async\" src=\"https:\/\/panorama-ferien-toscana.com\/wp-content\/uploads\/2021\/01\/rsz_ch2_6075.jpg\" title=\"rsz_ch2_6075\" alt=\"rsz_ch2_6075\" loading=\"lazy\" \/>\t\t\t\t\t\t\t\t<\/a>\n\t\t\t\t\t\t\t\t\t\t\t\t\t\t\t<\/div>\n\t\t\t\t<\/div>\n\t\t\t\t<section class=\"elementor-section elementor-inner-section elementor-element elementor-element-7013997 elementor-section-boxed elementor-section-height-default elementor-section-height-default\" data-id=\"7013997\" data-element_type=\"section\">\n\t\t\t\t\t\t<div class=\"elementor-container elementor-column-gap-no\">\n\t\t\t\t\t<div class=\"elementor-column elementor-col-50 elementor-inner-column elementor-element elementor-element-6982f635\" data-id=\"6982f635\" data-element_type=\"column\">\n\t\t\t<div class=\"elementor-widget-wrap elementor-element-populated\">\n\t\t\t\t\t\t<div class=\"elementor-element elementor-element-4ed27a06 elementor-invisible elementor-widget elementor-widget-image\" data-id=\"4ed27a06\" data-element_type=\"widget\" data-settings=\"{&quot;_animation&quot;:&quot;fadeIn&quot;,&quot;_animation_delay&quot;:300}\" data-widget_type=\"image.default\">\n\t\t\t\t<div class=\"elementor-widget-container\">\n\t\t\t\t\t\t\t\t\t\t\t\t\t\t\t\t<a href=\"#\">\n\t\t\t\t\t\t\t<img decoding=\"async\" src=\"https:\/\/panorama-ferien-toscana.com\/wp-content\/uploads\/2021\/01\/rsz_ch2_5923.jpg\" title=\"rsz_ch2_5923\" alt=\"rsz_ch2_5923\" loading=\"lazy\" \/>\t\t\t\t\t\t\t\t<\/a>\n\t\t\t\t\t\t\t\t\t\t\t\t\t\t\t<\/div>\n\t\t\t\t<\/div>\n\t\t\t\t\t<\/div>\n\t\t<\/div>\n\t\t\t\t<div class=\"elementor-column elementor-col-50 elementor-inner-column elementor-element elementor-element-40a1e0ba\" data-id=\"40a1e0ba\" data-element_type=\"column\">\n\t\t\t<div class=\"elementor-widget-wrap elementor-element-populated\">\n\t\t\t\t\t\t<div class=\"elementor-element elementor-element-6878aefe elementor-invisible elementor-widget elementor-widget-image\" data-id=\"6878aefe\" data-element_type=\"widget\" data-settings=\"{&quot;_animation&quot;:&quot;fadeIn&quot;,&quot;_animation_delay&quot;:400}\" data-widget_type=\"image.default\">\n\t\t\t\t<div class=\"elementor-widget-container\">\n\t\t\t\t\t\t\t\t\t\t\t\t\t\t\t\t<a href=\"#\">\n\t\t\t\t\t\t\t<img decoding=\"async\" src=\"https:\/\/panorama-ferien-toscana.com\/wp-content\/uploads\/2021\/01\/rsz_ch2_6085.jpg\" title=\"rsz_ch2_6085\" alt=\"rsz_ch2_6085\" loading=\"lazy\" \/>\t\t\t\t\t\t\t\t<\/a>\n\t\t\t\t\t\t\t\t\t\t\t\t\t\t\t<\/div>\n\t\t\t\t<\/div>\n\t\t\t\t\t<\/div>\n\t\t<\/div>\n\t\t\t\t\t<\/div>\n\t\t<\/section>\n\t\t\t\t\t<\/div>\n\t\t<\/div>\n\t\t\t\t\t<\/div>\n\t\t<\/section>\n\t\t\t\t<section class=\"elementor-section elementor-top-section elementor-element elementor-element-7ced9c8c envato-kit-141 elementor-section-boxed elementor-section-height-default elementor-section-height-default\" data-id=\"7ced9c8c\" data-element_type=\"section\" data-settings=\"{&quot;background_background&quot;:&quot;classic&quot;}\">\n\t\t\t\t\t\t\t<div class=\"elementor-background-overlay\"><\/div>\n\t\t\t\t\t\t\t<div class=\"elementor-container elementor-column-gap-no\">\n\t\t\t\t\t<div class=\"elementor-column elementor-col-50 elementor-top-column elementor-element elementor-element-4f2a7508\" data-id=\"4f2a7508\" data-element_type=\"column\">\n\t\t\t<div class=\"elementor-widget-wrap elementor-element-populated\">\n\t\t\t\t\t\t<section class=\"elementor-section elementor-inner-section elementor-element elementor-element-d1851df elementor-section-boxed elementor-section-height-default elementor-section-height-default\" data-id=\"d1851df\" data-element_type=\"section\">\n\t\t\t\t\t\t<div class=\"elementor-container elementor-column-gap-no\">\n\t\t\t\t\t<div class=\"elementor-column elementor-col-50 elementor-inner-column elementor-element elementor-element-4cf552dc\" data-id=\"4cf552dc\" data-element_type=\"column\">\n\t\t\t<div class=\"elementor-widget-wrap elementor-element-populated\">\n\t\t\t\t\t\t<div class=\"elementor-element elementor-element-1b10d4a3 elementor-invisible elementor-widget elementor-widget-image\" data-id=\"1b10d4a3\" data-element_type=\"widget\" data-settings=\"{&quot;_animation&quot;:&quot;fadeIn&quot;,&quot;_animation_delay&quot;:100}\" data-widget_type=\"image.default\">\n\t\t\t\t<div class=\"elementor-widget-container\">\n\t\t\t\t\t\t\t\t\t\t\t\t\t\t\t\t<a href=\"#\">\n\t\t\t\t\t\t\t<img decoding=\"async\" src=\"https:\/\/panorama-ferien-toscana.com\/wp-content\/uploads\/2021\/01\/rsz_1ch2_5930.jpg\" title=\"rsz_1ch2_5930\" alt=\"rsz_1ch2_5930\" loading=\"lazy\" \/>\t\t\t\t\t\t\t\t<\/a>\n\t\t\t\t\t\t\t\t\t\t\t\t\t\t\t<\/div>\n\t\t\t\t<\/div>\n\t\t\t\t\t<\/div>\n\t\t<\/div>\n\t\t\t\t<div class=\"elementor-column elementor-col-50 elementor-inner-column elementor-element elementor-element-3eb541e6\" data-id=\"3eb541e6\" data-element_type=\"column\">\n\t\t\t<div class=\"elementor-widget-wrap elementor-element-populated\">\n\t\t\t\t\t\t<div class=\"elementor-element elementor-element-5352af99 elementor-invisible elementor-widget elementor-widget-image\" data-id=\"5352af99\" data-element_type=\"widget\" data-settings=\"{&quot;_animation&quot;:&quot;fadeIn&quot;,&quot;_animation_delay&quot;:200}\" data-widget_type=\"image.default\">\n\t\t\t\t<div class=\"elementor-widget-container\">\n\t\t\t\t\t\t\t\t\t\t\t\t\t\t\t\t<a href=\"#\">\n\t\t\t\t\t\t\t<img decoding=\"async\" src=\"https:\/\/panorama-ferien-toscana.com\/wp-content\/uploads\/2021\/01\/rsz_ch2_5908.jpg\" title=\"rsz_ch2_5908\" alt=\"rsz_ch2_5908\" loading=\"lazy\" \/>\t\t\t\t\t\t\t\t<\/a>\n\t\t\t\t\t\t\t\t\t\t\t\t\t\t\t<\/div>\n\t\t\t\t<\/div>\n\t\t\t\t\t<\/div>\n\t\t<\/div>\n\t\t\t\t\t<\/div>\n\t\t<\/section>\n\t\t\t\t\t<\/div>\n\t\t<\/div>\n\t\t\t\t<div class=\"elementor-column elementor-col-50 elementor-top-column elementor-element elementor-element-1f4ed698\" data-id=\"1f4ed698\" data-element_type=\"column\">\n\t\t\t<div class=\"elementor-widget-wrap elementor-element-populated\">\n\t\t\t\t\t\t<div class=\"elementor-element elementor-element-e4fc644 elementor-invisible elementor-widget elementor-widget-image\" data-id=\"e4fc644\" data-element_type=\"widget\" data-settings=\"{&quot;_animation&quot;:&quot;fadeIn&quot;,&quot;_animation_delay&quot;:300}\" data-widget_type=\"image.default\">\n\t\t\t\t<div class=\"elementor-widget-container\">\n\t\t\t\t\t\t\t\t\t\t\t\t\t\t\t\t<a href=\"#\">\n\t\t\t\t\t\t\t<img decoding=\"async\" src=\"https:\/\/panorama-ferien-toscana.com\/wp-content\/uploads\/2021\/01\/rsz_ch2_5966.jpg\" title=\"rsz_ch2_5966\" alt=\"rsz_ch2_5966\" loading=\"lazy\" \/>\t\t\t\t\t\t\t\t<\/a>\n\t\t\t\t\t\t\t\t\t\t\t\t\t\t\t<\/div>\n\t\t\t\t<\/div>\n\t\t\t\t\t<\/div>\n\t\t<\/div>\n\t\t\t\t\t<\/div>\n\t\t<\/section>\n\t\t\t\t<section class=\"elementor-section elementor-top-section elementor-element elementor-element-c8dad72 elementor-section-boxed elementor-section-height-default elementor-section-height-default\" data-id=\"c8dad72\" data-element_type=\"section\">\n\t\t\t\t\t\t<div class=\"elementor-container elementor-column-gap-default\">\n\t\t\t\t\t<div class=\"elementor-column elementor-col-100 elementor-top-column elementor-element elementor-element-e088f6d\" data-id=\"e088f6d\" data-element_type=\"column\">\n\t\t\t<div class=\"elementor-widget-wrap elementor-element-populated\">\n\t\t\t\t\t\t<div class=\"elementor-element elementor-element-8e2b346 elementor-widget elementor-widget-spacer\" data-id=\"8e2b346\" data-element_type=\"widget\" data-widget_type=\"spacer.default\">\n\t\t\t\t<div class=\"elementor-widget-container\">\n\t\t\t\t\t\t\t<div class=\"elementor-spacer\">\n\t\t\t<div class=\"elementor-spacer-inner\"><\/div>\n\t\t<\/div>\n\t\t\t\t\t\t<\/div>\n\t\t\t\t<\/div>\n\t\t\t\t\t<\/div>\n\t\t<\/div>\n\t\t\t\t\t<\/div>\n\t\t<\/section>\n\t\t\t\t<section class=\"elementor-section elementor-top-section elementor-element elementor-element-ffa2835 elementor-section-boxed elementor-section-height-default elementor-section-height-default\" data-id=\"ffa2835\" data-element_type=\"section\">\n\t\t\t\t\t\t<div class=\"elementor-container elementor-column-gap-default\">\n\t\t\t\t\t<div class=\"elementor-column elementor-col-100 elementor-top-column elementor-element elementor-element-735f589\" data-id=\"735f589\" data-element_type=\"column\">\n\t\t\t<div class=\"elementor-widget-wrap elementor-element-populated\">\n\t\t\t\t\t\t<div class=\"elementor-element elementor-element-3d62996 elementor-widget elementor-widget-text-editor\" data-id=\"3d62996\" data-element_type=\"widget\" data-widget_type=\"text-editor.default\">\n\t\t\t\t<div class=\"elementor-widget-container\">\n\t\t\t\t\t\t\t\t\t<p>Im Herzen der Toscana<\/p>\t\t\t\t\t\t\t\t<\/div>\n\t\t\t\t<\/div>\n\t\t\t\t\t<\/div>\n\t\t<\/div>\n\t\t\t\t\t<\/div>\n\t\t<\/section>\n\t\t\t\t<section class=\"elementor-section elementor-top-section elementor-element elementor-element-6821235 elementor-section-boxed elementor-section-height-default elementor-section-height-default\" data-id=\"6821235\" data-element_type=\"section\">\n\t\t\t\t\t\t<div class=\"elementor-container elementor-column-gap-default\">\n\t\t\t\t\t<div class=\"elementor-column elementor-col-100 elementor-top-column elementor-element elementor-element-ab53b8f\" data-id=\"ab53b8f\" data-element_type=\"column\">\n\t\t\t<div class=\"elementor-widget-wrap elementor-element-populated\">\n\t\t\t\t\t\t<div class=\"elementor-element elementor-element-6331d54 elementor-invisible elementor-widget elementor-widget-google_maps\" data-id=\"6331d54\" data-element_type=\"widget\" data-settings=\"{&quot;_animation&quot;:&quot;fadeInUp&quot;}\" data-widget_type=\"google_maps.default\">\n\t\t\t\t<div class=\"elementor-widget-container\">\n\t\t\t\t\t\t\t<div class=\"elementor-custom-embed\">\n\t\t\t<iframe loading=\"lazy\"\n\t\t\t\t\tsrc=\"https:\/\/maps.google.com\/maps?q=massa%20marittima&#038;t=m&#038;z=9&#038;output=embed&#038;iwloc=near\"\n\t\t\t\t\ttitle=\"massa marittima\"\n\t\t\t\t\taria-label=\"massa marittima\"\n\t\t\t><\/iframe>\n\t\t<\/div>\n\t\t\t\t\t\t<\/div>\n\t\t\t\t<\/div>\n\t\t\t\t\t<\/div>\n\t\t<\/div>\n\t\t\t\t\t<\/div>\n\t\t<\/section>\n\t\t\t\t<section class=\"elementor-section elementor-top-section elementor-element elementor-element-38636c5 elementor-section-boxed elementor-section-height-default elementor-section-height-default\" data-id=\"38636c5\" data-element_type=\"section\">\n\t\t\t\t\t\t<div class=\"elementor-container elementor-column-gap-default\">\n\t\t\t\t\t<div class=\"elementor-column elementor-col-100 elementor-top-column elementor-element elementor-element-f0e2d0b\" data-id=\"f0e2d0b\" data-element_type=\"column\">\n\t\t\t<div class=\"elementor-widget-wrap\">\n\t\t\t\t\t\t\t<\/div>\n\t\t<\/div>\n\t\t\t\t\t<\/div>\n\t\t<\/section>\n\t\t\t\t<section class=\"elementor-section elementor-top-section elementor-element elementor-element-4ec62631 elementor-section-height-min-height elementor-section-boxed elementor-section-height-default elementor-section-items-middle\" data-id=\"4ec62631\" data-element_type=\"section\" data-settings=\"{&quot;background_background&quot;:&quot;classic&quot;,&quot;shape_divider_bottom&quot;:&quot;triangle&quot;,&quot;shape_divider_bottom_negative&quot;:&quot;yes&quot;}\">\n\t\t\t\t\t\t\t<div class=\"elementor-background-overlay\"><\/div>\n\t\t\t\t\t\t<div class=\"elementor-shape elementor-shape-bottom\" aria-hidden=\"true\" data-negative=\"true\">\n\t\t\t<svg xmlns=\"http:\/\/www.w3.org\/2000\/svg\" viewbox=\"0 0 1000 100\" preserveaspectratio=\"none\">\n\t<path class=\"elementor-shape-fill\" d=\"M500.2,94.7L0,0v100h1000V0L500.2,94.7z\"\/>\n<\/svg>\t\t<\/div>\n\t\t\t\t\t<div class=\"elementor-container elementor-column-gap-default\">\n\t\t\t\t\t<div class=\"elementor-column elementor-col-100 elementor-top-column elementor-element elementor-element-63aaaf3\" data-id=\"63aaaf3\" data-element_type=\"column\">\n\t\t\t<div class=\"elementor-widget-wrap elementor-element-populated\">\n\t\t\t\t\t\t<div class=\"elementor-element elementor-element-8038429 elementor-widget elementor-widget-heading\" data-id=\"8038429\" data-element_type=\"widget\" data-widget_type=\"heading.default\">\n\t\t\t\t<div class=\"elementor-widget-container\">\n\t\t\t\t\t<h2 class=\"elementor-heading-title elementor-size-default\">Il territorio<\/h2>\t\t\t\t<\/div>\n\t\t\t\t<\/div>\n\t\t\t\t<div class=\"elementor-element elementor-element-2a15c352 elementor-widget elementor-widget-text-editor\" data-id=\"2a15c352\" data-element_type=\"widget\" data-widget_type=\"text-editor.default\">\n\t\t\t\t<div class=\"elementor-widget-container\">\n\t\t\t\t\t\t\t\t\t<p>Von Ihrem Feriendomicil aus haben Sie die M\u00f6glichkeit, alle Sehensw\u00fcrdigkeiten der Toscana zu entdecken. Es erwarten Sie viele verschiedene Str\u00e4nde, typische mittelalterliche St\u00e4dte und heilsame Thermalb\u00e4der. Der Natursee Accesa befindet sich direkt vor Ihrer Haust\u00fcr. Bei Fragen k\u00f6nnen Sie sich jederzeit an uns wenden, wir geben Ihnen gerne Anregungen und Tipps, um Ihren Urlaub so sch\u00f6n wie m\u00f6glich zu gestalten\u00a0<\/p>\t\t\t\t\t\t\t\t<\/div>\n\t\t\t\t<\/div>\n\t\t\t\t\t<\/div>\n\t\t<\/div>\n\t\t\t\t\t<\/div>\n\t\t<\/section>\n\t\t\t\t<section class=\"elementor-section elementor-top-section elementor-element elementor-element-5b23940 elementor-section-boxed elementor-section-height-default elementor-section-height-default\" data-id=\"5b23940\" data-element_type=\"section\">\n\t\t\t\t\t\t<div class=\"elementor-container elementor-column-gap-default\">\n\t\t\t\t\t<div class=\"elementor-column elementor-col-100 elementor-top-column elementor-element elementor-element-7615e9c\" data-id=\"7615e9c\" data-element_type=\"column\">\n\t\t\t<div class=\"elementor-widget-wrap elementor-element-populated\">\n\t\t\t\t\t\t<div class=\"elementor-element elementor-element-a45dd51 elementor-widget elementor-widget-spacer\" data-id=\"a45dd51\" data-element_type=\"widget\" data-widget_type=\"spacer.default\">\n\t\t\t\t<div class=\"elementor-widget-container\">\n\t\t\t\t\t\t\t<div class=\"elementor-spacer\">\n\t\t\t<div class=\"elementor-spacer-inner\"><\/div>\n\t\t<\/div>\n\t\t\t\t\t\t<\/div>\n\t\t\t\t<\/div>\n\t\t\t\t\t<\/div>\n\t\t<\/div>\n\t\t\t\t\t<\/div>\n\t\t<\/section>\n\t\t\t\t<section class=\"elementor-section elementor-top-section elementor-element elementor-element-d7c289b elementor-hidden-desktop elementor-hidden-tablet elementor-section-boxed elementor-section-height-default elementor-section-height-default\" data-id=\"d7c289b\" data-element_type=\"section\">\n\t\t\t\t\t\t<div class=\"elementor-container elementor-column-gap-default\">\n\t\t\t\t\t<div class=\"elementor-column elementor-col-100 elementor-top-column elementor-element elementor-element-f2fbe48\" data-id=\"f2fbe48\" data-element_type=\"column\">\n\t\t\t<div class=\"elementor-widget-wrap elementor-element-populated\">\n\t\t\t\t\t\t<div class=\"elementor-element elementor-element-837b294 elementor-align-center elementor-widget elementor-widget-button\" data-id=\"837b294\" data-element_type=\"widget\" data-widget_type=\"button.default\">\n\t\t\t\t<div class=\"elementor-widget-container\">\n\t\t\t\t\t\t\t\t\t<div class=\"elementor-button-wrapper\">\n\t\t\t\t\t<a class=\"elementor-button elementor-button-link elementor-size-xl elementor-animation-bob\" href=\"https:\/\/panorama-ferien-toscana.com\/it\/jetzt-ferien-planen\/\">\n\t\t\t\t\t\t<span class=\"elementor-button-content-wrapper\">\n\t\t\t\t\t\t\t\t\t<span class=\"elementor-button-text\">Ich m\u00f6chte mehr \u00fcber meine Panorama-Ferien erfahren<\/span>\n\t\t\t\t\t<\/span>\n\t\t\t\t\t<\/a>\n\t\t\t\t<\/div>\n\t\t\t\t\t\t\t\t<\/div>\n\t\t\t\t<\/div>\n\t\t\t\t\t<\/div>\n\t\t<\/div>\n\t\t\t\t\t<\/div>\n\t\t<\/section>\n\t\t\t\t<section class=\"elementor-section elementor-top-section elementor-element elementor-element-95ffce0 elementor-hidden-mobile elementor-section-boxed elementor-section-height-default elementor-section-height-default\" data-id=\"95ffce0\" data-element_type=\"section\">\n\t\t\t\t\t\t<div class=\"elementor-container elementor-column-gap-default\">\n\t\t\t\t\t<div class=\"elementor-column elementor-col-100 elementor-top-column elementor-element elementor-element-4d38e94\" data-id=\"4d38e94\" data-element_type=\"column\">\n\t\t\t<div class=\"elementor-widget-wrap elementor-element-populated\">\n\t\t\t\t\t\t<div class=\"elementor-element elementor-element-e00646f elementor-align-center elementor-widget elementor-widget-button\" data-id=\"e00646f\" data-element_type=\"widget\" data-widget_type=\"button.default\">\n\t\t\t\t<div class=\"elementor-widget-container\">\n\t\t\t\t\t\t\t\t\t<div class=\"elementor-button-wrapper\">\n\t\t\t\t\t<a class=\"elementor-button elementor-button-link elementor-size-xl elementor-animation-bob\" href=\"https:\/\/panorama-ferien-toscana.com\/it\/jetzt-ferien-planen\/\">\n\t\t\t\t\t\t<span class=\"elementor-button-content-wrapper\">\n\t\t\t\t\t\t\t\t\t<span class=\"elementor-button-text\">Ich m\u00f6chte mehr \u00fcber meine Panorama-Ferien erfahren<\/span>\n\t\t\t\t\t<\/span>\n\t\t\t\t\t<\/a>\n\t\t\t\t<\/div>\n\t\t\t\t\t\t\t\t<\/div>\n\t\t\t\t<\/div>\n\t\t\t\t\t<\/div>\n\t\t<\/div>\n\t\t\t\t\t<\/div>\n\t\t<\/section>\n\t\t\t\t<section class=\"elementor-section elementor-top-section elementor-element elementor-element-624e6a0 elementor-section-boxed elementor-section-height-default elementor-section-height-default\" data-id=\"624e6a0\" data-element_type=\"section\">\n\t\t\t\t\t\t<div class=\"elementor-container elementor-column-gap-default\">\n\t\t\t\t\t<div class=\"elementor-column elementor-col-100 elementor-top-column elementor-element elementor-element-7ecd313\" data-id=\"7ecd313\" data-element_type=\"column\">\n\t\t\t<div class=\"elementor-widget-wrap elementor-element-populated\">\n\t\t\t\t\t\t<div class=\"elementor-element elementor-element-a0133f7 elementor-widget elementor-widget-spacer\" data-id=\"a0133f7\" data-element_type=\"widget\" data-widget_type=\"spacer.default\">\n\t\t\t\t<div class=\"elementor-widget-container\">\n\t\t\t\t\t\t\t<div class=\"elementor-spacer\">\n\t\t\t<div class=\"elementor-spacer-inner\"><\/div>\n\t\t<\/div>\n\t\t\t\t\t\t<\/div>\n\t\t\t\t<\/div>\n\t\t\t\t\t<\/div>\n\t\t<\/div>\n\t\t\t\t\t<\/div>\n\t\t<\/section>\n\t\t\t\t<section class=\"elementor-section elementor-top-section elementor-element elementor-element-6d0faec elementor-section-boxed elementor-section-height-default elementor-section-height-default\" data-id=\"6d0faec\" data-element_type=\"section\">\n\t\t\t\t\t\t<div class=\"elementor-container elementor-column-gap-default\">\n\t\t\t\t\t<div class=\"elementor-column elementor-col-100 elementor-top-column elementor-element elementor-element-a6a760a\" data-id=\"a6a760a\" data-element_type=\"column\">\n\t\t\t<div class=\"elementor-widget-wrap elementor-element-populated\">\n\t\t\t\t\t\t<div class=\"elementor-element elementor-element-538dd53 elementor-widget elementor-widget-text-editor\" data-id=\"538dd53\" data-element_type=\"widget\" data-widget_type=\"text-editor.default\">\n\t\t\t\t<div class=\"elementor-widget-container\">\n\t\t\t\t\t\t\t\t\t<p>Ihre Ausfl\u00fcge in der Toscana<\/p>\t\t\t\t\t\t\t\t<\/div>\n\t\t\t\t<\/div>\n\t\t\t\t\t<\/div>\n\t\t<\/div>\n\t\t\t\t\t<\/div>\n\t\t<\/section>\n\t\t\t\t<section class=\"elementor-section elementor-top-section elementor-element elementor-element-c7db0cb elementor-section-boxed elementor-section-height-default elementor-section-height-default\" data-id=\"c7db0cb\" data-element_type=\"section\">\n\t\t\t\t\t\t<div class=\"elementor-container elementor-column-gap-default\">\n\t\t\t\t\t<div class=\"elementor-column elementor-col-100 elementor-top-column elementor-element elementor-element-1cfacdc\" data-id=\"1cfacdc\" data-element_type=\"column\">\n\t\t\t<div class=\"elementor-widget-wrap elementor-element-populated\">\n\t\t\t\t\t\t<div class=\"elementor-element elementor-element-c607906 elementor-widget elementor-widget-text-editor\" data-id=\"c607906\" data-element_type=\"widget\" data-widget_type=\"text-editor.default\">\n\t\t\t\t<div class=\"elementor-widget-container\">\n\t\t\t\t\t\t\t\t\t<p>Sanft gewellte gr\u00fcne H\u00fcgel, schlanke Zypressen, malerische kleine D\u00f6rfer und mittelalterliche St\u00e4dte bezaubern mit ihrem Charme. Die sanften H\u00fcgelketten, die gro\u00dfen Waldgebiete und die ber\u00fchmten Weinregionen machen den Charakter der Landschaft aus. Eine reiche und spannende Kulturgeschichte begegnet Ihnen in den beeindruckenden St\u00e4dten Volterra, San Gemignano, Florenz, Pisa, Lucca, Siena &#8230; Berg Amiata bietet mit seinem \u00fcber 1700 Metern einen beeindruckenden Anblick. Ber\u00fchmte Weine und die typische regionale K\u00fcche machen Ihre Ferien in dieser Region Italiens zu einem Genuss.\u00a0<\/p><p>An der vorgelagerten K\u00fcste des Tyrrhenischen Meeres, einem Teil des Mittelmeeres, laden die Sandstr\u00e4nde zu langen Spazierg\u00e4ngen ein. Die feinsandigen Str\u00e4nde fallen zum Meer hin flach ab und sind ideal f\u00fcr einen Badeaufenthalt mit der gesamten Familie. D<span style=\"font-size: 19px;\">er Strand von Torre Mozza wirkt durch seinen m\u00e4chtigen Wachturm besonders abendteuerlich und der Strand von Alberese ist einer der sch\u00f6nsten naturbelassenen Str\u00e4nde, an dem es noch Wildschweinen, Wildpferden, Hirschen und frei laufenden Maremma-Rindern, Reiher und Bussarde in freier Wildbahn zu sehen gibt. Insgesamt lassen sich 20 Str\u00e4nde im Umland Ihres Landhauses entdecken.<\/span><\/p><p class=\"Corpo\"><span class=\"Hyperlink0\"><span lang=\"DE\">Unmittelbar vor Ihrer Haust\u00fcr haben Sie die M\u00f6glichkeit, im Natursee Accesa baden zu gehen \u2013 einer erfrischenden S\u00fc\u00dfwasser-Alternative zum Mittelmeer. In der s\u00fcdlichen Toskana befinden sich au\u00dferdem heilsam wirkende Thermalb\u00e4der wie Sassetta, Calidario und Saturnia. <\/span><\/span><\/p><p><span style=\"font-size: 19px;\">\u00a0<\/span><\/p><p>\u00a0<\/p><p><span style=\"font-size: 19px;\">\u00a0<\/span><\/p>\t\t\t\t\t\t\t\t<\/div>\n\t\t\t\t<\/div>\n\t\t\t\t\t<\/div>\n\t\t<\/div>\n\t\t\t\t\t<\/div>\n\t\t<\/section>\n\t\t\t\t<section class=\"elementor-section elementor-top-section elementor-element elementor-element-c278a79 elementor-section-boxed elementor-section-height-default elementor-section-height-default\" data-id=\"c278a79\" data-element_type=\"section\" data-settings=\"{&quot;background_background&quot;:&quot;classic&quot;}\">\n\t\t\t\t\t\t<div class=\"elementor-container elementor-column-gap-wider\">\n\t\t\t\t\t<div class=\"elementor-column elementor-col-33 elementor-top-column elementor-element elementor-element-000ff40\" data-id=\"000ff40\" data-element_type=\"column\">\n\t\t\t<div class=\"elementor-widget-wrap elementor-element-populated\">\n\t\t\t\t\t\t<div class=\"elementor-element elementor-element-c6e9b00 animated-slow elementor-position-top elementor-invisible elementor-widget elementor-widget-image-box\" data-id=\"c6e9b00\" data-element_type=\"widget\" data-settings=\"{&quot;_animation&quot;:&quot;fadeIn&quot;,&quot;_animation_delay&quot;:300}\" data-widget_type=\"image-box.default\">\n\t\t\t\t<div class=\"elementor-widget-container\">\n\t\t\t\t\t<div class=\"elementor-image-box-wrapper\"><figure class=\"elementor-image-box-img\"><img loading=\"lazy\" decoding=\"async\" width=\"2560\" height=\"1707\" src=\"https:\/\/panorama-ferien-toscana.com\/wp-content\/uploads\/2020\/12\/matteo-rimoldi-sGYo0MbcvmQ-unsplash-scaled.jpg\" class=\"attachment-full size-full wp-image-338\" alt=\"\" title=\"\" srcset=\"https:\/\/panorama-ferien-toscana.com\/wp-content\/uploads\/2020\/12\/matteo-rimoldi-sGYo0MbcvmQ-unsplash-scaled.jpg 2560w, https:\/\/panorama-ferien-toscana.com\/wp-content\/uploads\/2020\/12\/matteo-rimoldi-sGYo0MbcvmQ-unsplash-300x200.jpg 300w, https:\/\/panorama-ferien-toscana.com\/wp-content\/uploads\/2020\/12\/matteo-rimoldi-sGYo0MbcvmQ-unsplash-1024x683.jpg 1024w, https:\/\/panorama-ferien-toscana.com\/wp-content\/uploads\/2020\/12\/matteo-rimoldi-sGYo0MbcvmQ-unsplash-768x512.jpg 768w, https:\/\/panorama-ferien-toscana.com\/wp-content\/uploads\/2020\/12\/matteo-rimoldi-sGYo0MbcvmQ-unsplash-1536x1024.jpg 1536w, https:\/\/panorama-ferien-toscana.com\/wp-content\/uploads\/2020\/12\/matteo-rimoldi-sGYo0MbcvmQ-unsplash-2048x1365.jpg 2048w\" sizes=\"(max-width: 2560px) 100vw, 2560px\" \/><\/figure><div class=\"elementor-image-box-content\"><h3 class=\"elementor-image-box-title\">Strand von Torre Mozza<\/h3><\/div><\/div>\t\t\t\t<\/div>\n\t\t\t\t<\/div>\n\t\t\t\t\t<\/div>\n\t\t<\/div>\n\t\t\t\t<div class=\"elementor-column elementor-col-33 elementor-top-column elementor-element elementor-element-8784fa8\" data-id=\"8784fa8\" data-element_type=\"column\">\n\t\t\t<div class=\"elementor-widget-wrap elementor-element-populated\">\n\t\t\t\t\t\t<div class=\"elementor-element elementor-element-c59f2d0 animated-slow elementor-position-top elementor-invisible elementor-widget elementor-widget-image-box\" data-id=\"c59f2d0\" data-element_type=\"widget\" data-settings=\"{&quot;_animation&quot;:&quot;fadeIn&quot;,&quot;_animation_delay&quot;:300}\" data-widget_type=\"image-box.default\">\n\t\t\t\t<div class=\"elementor-widget-container\">\n\t\t\t\t\t<div class=\"elementor-image-box-wrapper\"><figure class=\"elementor-image-box-img\"><img loading=\"lazy\" decoding=\"async\" width=\"2560\" height=\"1707\" src=\"https:\/\/panorama-ferien-toscana.com\/wp-content\/uploads\/2020\/12\/jianxiang-wu-RkE3V7MSH_o-unsplash-scaled.jpg\" class=\"attachment-full size-full wp-image-335\" alt=\"Panorama-Ferien\" title=\"\" srcset=\"https:\/\/panorama-ferien-toscana.com\/wp-content\/uploads\/2020\/12\/jianxiang-wu-RkE3V7MSH_o-unsplash-scaled.jpg 2560w, https:\/\/panorama-ferien-toscana.com\/wp-content\/uploads\/2020\/12\/jianxiang-wu-RkE3V7MSH_o-unsplash-300x200.jpg 300w, https:\/\/panorama-ferien-toscana.com\/wp-content\/uploads\/2020\/12\/jianxiang-wu-RkE3V7MSH_o-unsplash-1024x683.jpg 1024w, https:\/\/panorama-ferien-toscana.com\/wp-content\/uploads\/2020\/12\/jianxiang-wu-RkE3V7MSH_o-unsplash-768x512.jpg 768w, https:\/\/panorama-ferien-toscana.com\/wp-content\/uploads\/2020\/12\/jianxiang-wu-RkE3V7MSH_o-unsplash-1536x1024.jpg 1536w, https:\/\/panorama-ferien-toscana.com\/wp-content\/uploads\/2020\/12\/jianxiang-wu-RkE3V7MSH_o-unsplash-2048x1365.jpg 2048w\" sizes=\"(max-width: 2560px) 100vw, 2560px\" \/><\/figure><div class=\"elementor-image-box-content\"><h3 class=\"elementor-image-box-title\">Der schiefe Turm von Pisa<\/h3><\/div><\/div>\t\t\t\t<\/div>\n\t\t\t\t<\/div>\n\t\t\t\t\t<\/div>\n\t\t<\/div>\n\t\t\t\t<div class=\"elementor-column elementor-col-33 elementor-top-column elementor-element elementor-element-575ea42\" data-id=\"575ea42\" data-element_type=\"column\">\n\t\t\t<div class=\"elementor-widget-wrap elementor-element-populated\">\n\t\t\t\t\t\t<div class=\"elementor-element elementor-element-f44f14c animated-slow elementor-position-top elementor-invisible elementor-widget elementor-widget-image-box\" data-id=\"f44f14c\" data-element_type=\"widget\" data-settings=\"{&quot;_animation&quot;:&quot;fadeIn&quot;,&quot;_animation_delay&quot;:300}\" data-widget_type=\"image-box.default\">\n\t\t\t\t<div class=\"elementor-widget-container\">\n\t\t\t\t\t<div class=\"elementor-image-box-wrapper\"><figure class=\"elementor-image-box-img\"><img loading=\"lazy\" decoding=\"async\" width=\"1281\" height=\"854\" src=\"https:\/\/panorama-ferien-toscana.com\/wp-content\/uploads\/2021\/01\/rsz_jianxiang-wu-w1mcmonl8yg-unsplash.jpg\" class=\"attachment-full size-full wp-image-690\" alt=\"\" title=\"\" srcset=\"https:\/\/panorama-ferien-toscana.com\/wp-content\/uploads\/2021\/01\/rsz_jianxiang-wu-w1mcmonl8yg-unsplash.jpg 1281w, https:\/\/panorama-ferien-toscana.com\/wp-content\/uploads\/2021\/01\/rsz_jianxiang-wu-w1mcmonl8yg-unsplash-300x200.jpg 300w, https:\/\/panorama-ferien-toscana.com\/wp-content\/uploads\/2021\/01\/rsz_jianxiang-wu-w1mcmonl8yg-unsplash-1024x683.jpg 1024w, https:\/\/panorama-ferien-toscana.com\/wp-content\/uploads\/2021\/01\/rsz_jianxiang-wu-w1mcmonl8yg-unsplash-768x512.jpg 768w\" sizes=\"(max-width: 1281px) 100vw, 1281px\" \/><\/figure><div class=\"elementor-image-box-content\"><h3 class=\"elementor-image-box-title\">Innensicht vom Dom von Siena<\/h3><\/div><\/div>\t\t\t\t<\/div>\n\t\t\t\t<\/div>\n\t\t\t\t\t<\/div>\n\t\t<\/div>\n\t\t\t\t\t<\/div>\n\t\t<\/section>\n\t\t\t\t<section class=\"elementor-section elementor-top-section elementor-element elementor-element-9edf0a4 elementor-section-boxed elementor-section-height-default elementor-section-height-default\" data-id=\"9edf0a4\" data-element_type=\"section\" data-settings=\"{&quot;background_background&quot;:&quot;classic&quot;}\">\n\t\t\t\t\t\t<div class=\"elementor-container elementor-column-gap-wider\">\n\t\t\t\t\t<div class=\"elementor-column elementor-col-33 elementor-top-column elementor-element elementor-element-5c37ebc\" data-id=\"5c37ebc\" data-element_type=\"column\">\n\t\t\t<div class=\"elementor-widget-wrap elementor-element-populated\">\n\t\t\t\t\t\t<div class=\"elementor-element elementor-element-20a647c animated-slow elementor-position-top elementor-invisible elementor-widget elementor-widget-image-box\" data-id=\"20a647c\" data-element_type=\"widget\" data-settings=\"{&quot;_animation&quot;:&quot;fadeIn&quot;,&quot;_animation_delay&quot;:300}\" data-widget_type=\"image-box.default\">\n\t\t\t\t<div class=\"elementor-widget-container\">\n\t\t\t\t\t<div class=\"elementor-image-box-wrapper\"><figure class=\"elementor-image-box-img\"><img loading=\"lazy\" decoding=\"async\" width=\"1063\" height=\"681\" src=\"https:\/\/panorama-ferien-toscana.com\/wp-content\/uploads\/2020\/12\/Accesa-panoramica-estiva.jpg\" class=\"attachment-full size-full wp-image-482\" alt=\"\" title=\"\" srcset=\"https:\/\/panorama-ferien-toscana.com\/wp-content\/uploads\/2020\/12\/Accesa-panoramica-estiva.jpg 1063w, https:\/\/panorama-ferien-toscana.com\/wp-content\/uploads\/2020\/12\/Accesa-panoramica-estiva-300x192.jpg 300w, https:\/\/panorama-ferien-toscana.com\/wp-content\/uploads\/2020\/12\/Accesa-panoramica-estiva-1024x656.jpg 1024w, https:\/\/panorama-ferien-toscana.com\/wp-content\/uploads\/2020\/12\/Accesa-panoramica-estiva-768x492.jpg 768w\" sizes=\"(max-width: 1063px) 100vw, 1063px\" \/><\/figure><div class=\"elementor-image-box-content\"><h3 class=\"elementor-image-box-title\">Natursee Accesa<\/h3><\/div><\/div>\t\t\t\t<\/div>\n\t\t\t\t<\/div>\n\t\t\t\t\t<\/div>\n\t\t<\/div>\n\t\t\t\t<div class=\"elementor-column elementor-col-33 elementor-top-column elementor-element elementor-element-7e0faa0\" data-id=\"7e0faa0\" data-element_type=\"column\">\n\t\t\t<div class=\"elementor-widget-wrap elementor-element-populated\">\n\t\t\t\t\t\t<div class=\"elementor-element elementor-element-5145ea1 animated-slow elementor-position-top elementor-invisible elementor-widget elementor-widget-image-box\" data-id=\"5145ea1\" data-element_type=\"widget\" data-settings=\"{&quot;_animation&quot;:&quot;fadeIn&quot;,&quot;_animation_delay&quot;:300}\" data-widget_type=\"image-box.default\">\n\t\t\t\t<div class=\"elementor-widget-container\">\n\t\t\t\t\t<div class=\"elementor-image-box-wrapper\"><figure class=\"elementor-image-box-img\"><img loading=\"lazy\" decoding=\"async\" width=\"768\" height=\"576\" src=\"https:\/\/panorama-ferien-toscana.com\/wp-content\/uploads\/2020\/12\/Duomo-Massa-Notturno-768x576.jpg\" class=\"attachment-medium_large size-medium_large wp-image-484\" alt=\"Panorama-Ferien\" title=\"\" srcset=\"https:\/\/panorama-ferien-toscana.com\/wp-content\/uploads\/2020\/12\/Duomo-Massa-Notturno-768x576.jpg 768w, https:\/\/panorama-ferien-toscana.com\/wp-content\/uploads\/2020\/12\/Duomo-Massa-Notturno-300x225.jpg 300w, https:\/\/panorama-ferien-toscana.com\/wp-content\/uploads\/2020\/12\/Duomo-Massa-Notturno.jpg 960w\" sizes=\"(max-width: 768px) 100vw, 768px\" \/><\/figure><div class=\"elementor-image-box-content\"><h3 class=\"elementor-image-box-title\">Dom von Massa Marittima<\/h3><\/div><\/div>\t\t\t\t<\/div>\n\t\t\t\t<\/div>\n\t\t\t\t\t<\/div>\n\t\t<\/div>\n\t\t\t\t<div class=\"elementor-column elementor-col-33 elementor-top-column elementor-element elementor-element-401050d\" data-id=\"401050d\" data-element_type=\"column\">\n\t\t\t<div class=\"elementor-widget-wrap elementor-element-populated\">\n\t\t\t\t\t\t<div class=\"elementor-element elementor-element-a750496 animated-slow elementor-position-top elementor-invisible elementor-widget elementor-widget-image-box\" data-id=\"a750496\" data-element_type=\"widget\" data-settings=\"{&quot;_animation&quot;:&quot;fadeIn&quot;,&quot;_animation_delay&quot;:300}\" data-widget_type=\"image-box.default\">\n\t\t\t\t<div class=\"elementor-widget-container\">\n\t\t\t\t\t<div class=\"elementor-image-box-wrapper\"><figure class=\"elementor-image-box-img\"><img loading=\"lazy\" decoding=\"async\" width=\"750\" height=\"500\" src=\"https:\/\/panorama-ferien-toscana.com\/wp-content\/uploads\/2021\/01\/rsz_1rsz_antonia-felipe-eenmq1v0te0-unsplash.jpg\" class=\"attachment-full size-full wp-image-694\" alt=\"\" title=\"\" srcset=\"https:\/\/panorama-ferien-toscana.com\/wp-content\/uploads\/2021\/01\/rsz_1rsz_antonia-felipe-eenmq1v0te0-unsplash.jpg 750w, https:\/\/panorama-ferien-toscana.com\/wp-content\/uploads\/2021\/01\/rsz_1rsz_antonia-felipe-eenmq1v0te0-unsplash-300x200.jpg 300w\" sizes=\"(max-width: 750px) 100vw, 750px\" \/><\/figure><div class=\"elementor-image-box-content\"><h3 class=\"elementor-image-box-title\">Altstadt von Florenz<\/h3><\/div><\/div>\t\t\t\t<\/div>\n\t\t\t\t<\/div>\n\t\t\t\t\t<\/div>\n\t\t<\/div>\n\t\t\t\t\t<\/div>\n\t\t<\/section>\n\t\t\t\t<section class=\"elementor-section elementor-top-section elementor-element elementor-element-324a61d elementor-section-boxed elementor-section-height-default elementor-section-height-default\" data-id=\"324a61d\" data-element_type=\"section\" data-settings=\"{&quot;background_background&quot;:&quot;classic&quot;}\">\n\t\t\t\t\t\t<div class=\"elementor-container elementor-column-gap-wider\">\n\t\t\t\t\t<div class=\"elementor-column elementor-col-33 elementor-top-column elementor-element elementor-element-c16679b\" data-id=\"c16679b\" data-element_type=\"column\">\n\t\t\t<div class=\"elementor-widget-wrap elementor-element-populated\">\n\t\t\t\t\t\t<div class=\"elementor-element elementor-element-1296c3e animated-slow elementor-position-top elementor-invisible elementor-widget elementor-widget-image-box\" data-id=\"1296c3e\" data-element_type=\"widget\" data-settings=\"{&quot;_animation&quot;:&quot;fadeIn&quot;,&quot;_animation_delay&quot;:300}\" data-widget_type=\"image-box.default\">\n\t\t\t\t<div class=\"elementor-widget-container\">\n\t\t\t\t\t<div class=\"elementor-image-box-wrapper\"><figure class=\"elementor-image-box-img\"><img decoding=\"async\" src=\"https:\/\/panorama-ferien-toscana.com\/wp-content\/uploads\/2021\/01\/saturnia-bagni-liberi.jpg\" title=\"Toscana\" alt=\"Toscana\" loading=\"lazy\" \/><\/figure><div class=\"elementor-image-box-content\"><h3 class=\"elementor-image-box-title\">Thermalb\u00e4der von Saturnia<\/h3><\/div><\/div>\t\t\t\t<\/div>\n\t\t\t\t<\/div>\n\t\t\t\t\t<\/div>\n\t\t<\/div>\n\t\t\t\t<div class=\"elementor-column elementor-col-33 elementor-top-column elementor-element elementor-element-91c6fb5\" data-id=\"91c6fb5\" data-element_type=\"column\">\n\t\t\t<div class=\"elementor-widget-wrap elementor-element-populated\">\n\t\t\t\t\t\t<div class=\"elementor-element elementor-element-139a32f animated-slow elementor-position-top elementor-invisible elementor-widget elementor-widget-image-box\" data-id=\"139a32f\" data-element_type=\"widget\" data-settings=\"{&quot;_animation&quot;:&quot;fadeIn&quot;,&quot;_animation_delay&quot;:300}\" data-widget_type=\"image-box.default\">\n\t\t\t\t<div class=\"elementor-widget-container\">\n\t\t\t\t\t<div class=\"elementor-image-box-wrapper\"><figure class=\"elementor-image-box-img\"><img loading=\"lazy\" decoding=\"async\" width=\"2560\" height=\"1707\" src=\"https:\/\/panorama-ferien-toscana.com\/wp-content\/uploads\/2020\/12\/mateus-campos-felipe-sx_DnKJuN8w-unsplash-scaled.jpg\" class=\"attachment-full size-full wp-image-339\" alt=\"Toscana\" title=\"\" srcset=\"https:\/\/panorama-ferien-toscana.com\/wp-content\/uploads\/2020\/12\/mateus-campos-felipe-sx_DnKJuN8w-unsplash-scaled.jpg 2560w, https:\/\/panorama-ferien-toscana.com\/wp-content\/uploads\/2020\/12\/mateus-campos-felipe-sx_DnKJuN8w-unsplash-300x200.jpg 300w, https:\/\/panorama-ferien-toscana.com\/wp-content\/uploads\/2020\/12\/mateus-campos-felipe-sx_DnKJuN8w-unsplash-1024x683.jpg 1024w, https:\/\/panorama-ferien-toscana.com\/wp-content\/uploads\/2020\/12\/mateus-campos-felipe-sx_DnKJuN8w-unsplash-768x512.jpg 768w, https:\/\/panorama-ferien-toscana.com\/wp-content\/uploads\/2020\/12\/mateus-campos-felipe-sx_DnKJuN8w-unsplash-1536x1024.jpg 1536w, https:\/\/panorama-ferien-toscana.com\/wp-content\/uploads\/2020\/12\/mateus-campos-felipe-sx_DnKJuN8w-unsplash-2048x1365.jpg 2048w\" sizes=\"(max-width: 2560px) 100vw, 2560px\" \/><\/figure><div class=\"elementor-image-box-content\"><h3 class=\"elementor-image-box-title\">Piazza del Campo <\/h3><\/div><\/div>\t\t\t\t<\/div>\n\t\t\t\t<\/div>\n\t\t\t\t\t<\/div>\n\t\t<\/div>\n\t\t\t\t<div class=\"elementor-column elementor-col-33 elementor-top-column elementor-element elementor-element-80ca0e0\" data-id=\"80ca0e0\" data-element_type=\"column\">\n\t\t\t<div class=\"elementor-widget-wrap elementor-element-populated\">\n\t\t\t\t\t\t<div class=\"elementor-element elementor-element-f88dec1 animated-slow elementor-position-top elementor-invisible elementor-widget elementor-widget-image-box\" data-id=\"f88dec1\" data-element_type=\"widget\" data-settings=\"{&quot;_animation&quot;:&quot;fadeIn&quot;,&quot;_animation_delay&quot;:300}\" data-widget_type=\"image-box.default\">\n\t\t\t\t<div class=\"elementor-widget-container\">\n\t\t\t\t\t<div class=\"elementor-image-box-wrapper\"><figure class=\"elementor-image-box-img\"><img loading=\"lazy\" decoding=\"async\" width=\"2560\" height=\"1707\" src=\"https:\/\/panorama-ferien-toscana.com\/wp-content\/uploads\/2020\/12\/federico-burgalassi-efTnudrZET4-unsplash-scaled.jpg\" class=\"attachment-full size-full wp-image-332\" alt=\"Ferien\" title=\"\" srcset=\"https:\/\/panorama-ferien-toscana.com\/wp-content\/uploads\/2020\/12\/federico-burgalassi-efTnudrZET4-unsplash-scaled.jpg 2560w, https:\/\/panorama-ferien-toscana.com\/wp-content\/uploads\/2020\/12\/federico-burgalassi-efTnudrZET4-unsplash-300x200.jpg 300w, https:\/\/panorama-ferien-toscana.com\/wp-content\/uploads\/2020\/12\/federico-burgalassi-efTnudrZET4-unsplash-1024x683.jpg 1024w, https:\/\/panorama-ferien-toscana.com\/wp-content\/uploads\/2020\/12\/federico-burgalassi-efTnudrZET4-unsplash-768x512.jpg 768w, https:\/\/panorama-ferien-toscana.com\/wp-content\/uploads\/2020\/12\/federico-burgalassi-efTnudrZET4-unsplash-1536x1024.jpg 1536w, https:\/\/panorama-ferien-toscana.com\/wp-content\/uploads\/2020\/12\/federico-burgalassi-efTnudrZET4-unsplash-2048x1365.jpg 2048w\" sizes=\"(max-width: 2560px) 100vw, 2560px\" \/><\/figure><div class=\"elementor-image-box-content\"><h3 class=\"elementor-image-box-title\">Blick auf die Bucht von Baratti<\/h3><\/div><\/div>\t\t\t\t<\/div>\n\t\t\t\t<\/div>\n\t\t\t\t\t<\/div>\n\t\t<\/div>\n\t\t\t\t\t<\/div>\n\t\t<\/section>\n\t\t\t\t<section class=\"elementor-section elementor-top-section elementor-element elementor-element-4a6a043a elementor-section-height-min-height animated-slow elementor-section-boxed elementor-section-height-default elementor-section-items-middle elementor-invisible\" data-id=\"4a6a043a\" data-element_type=\"section\" data-settings=\"{&quot;background_background&quot;:&quot;classic&quot;,&quot;animation&quot;:&quot;fadeIn&quot;,&quot;animation_delay&quot;:300,&quot;shape_divider_bottom&quot;:&quot;triangle&quot;,&quot;shape_divider_bottom_negative&quot;:&quot;yes&quot;}\">\n\t\t\t\t\t<div class=\"elementor-shape elementor-shape-bottom\" aria-hidden=\"true\" data-negative=\"true\">\n\t\t\t<svg xmlns=\"http:\/\/www.w3.org\/2000\/svg\" viewbox=\"0 0 1000 100\" preserveaspectratio=\"none\">\n\t<path class=\"elementor-shape-fill\" d=\"M500.2,94.7L0,0v100h1000V0L500.2,94.7z\"\/>\n<\/svg>\t\t<\/div>\n\t\t\t\t\t<div class=\"elementor-container elementor-column-gap-default\">\n\t\t\t\t\t<div class=\"elementor-column elementor-col-100 elementor-top-column elementor-element elementor-element-41a9e6fd\" data-id=\"41a9e6fd\" data-element_type=\"column\">\n\t\t\t<div class=\"elementor-widget-wrap elementor-element-populated\">\n\t\t\t\t\t\t<div class=\"elementor-element elementor-element-3a0e5d1c elementor-widget elementor-widget-heading\" data-id=\"3a0e5d1c\" data-element_type=\"widget\" data-widget_type=\"heading.default\">\n\t\t\t\t<div class=\"elementor-widget-container\">\n\t\t\t\t\t<h2 class=\"elementor-heading-title elementor-size-default\">Jetzt ist der Moment, Ihre wohlverdiente Ferienzeit zu planen.<\/h2>\t\t\t\t<\/div>\n\t\t\t\t<\/div>\n\t\t\t\t<div class=\"elementor-element elementor-element-79c15423 elementor-widget elementor-widget-text-editor\" data-id=\"79c15423\" data-element_type=\"widget\" data-widget_type=\"text-editor.default\">\n\t\t\t\t<div class=\"elementor-widget-container\">\n\t\t\t\t\t\t\t\t\t<p>Gerne geben wir Ihnen Informationen zum Feriendomizil und zu unserem Service, ebenso wie \u00fcber die diversen Ausflugsm\u00f6glichkeiten in den Uml\u00e4ndern. Dr\u00fccken Sie auf den Button, um sich eins von den f\u00fcnf exklusiven Apartments f\u00fcr Ihre verdiente Ferienzeit zu sichern.<\/p>\t\t\t\t\t\t\t\t<\/div>\n\t\t\t\t<\/div>\n\t\t\t\t\t<\/div>\n\t\t<\/div>\n\t\t\t\t\t<\/div>\n\t\t<\/section>\n\t\t\t\t<section class=\"elementor-section elementor-top-section elementor-element elementor-element-154cd32 elementor-section-boxed elementor-section-height-default elementor-section-height-default\" data-id=\"154cd32\" data-element_type=\"section\">\n\t\t\t\t\t\t<div class=\"elementor-container elementor-column-gap-default\">\n\t\t\t\t\t<div class=\"elementor-column elementor-col-100 elementor-top-column elementor-element elementor-element-17deae0\" data-id=\"17deae0\" data-element_type=\"column\">\n\t\t\t<div class=\"elementor-widget-wrap elementor-element-populated\">\n\t\t\t\t\t\t<div class=\"elementor-element elementor-element-c77ad11 elementor-widget elementor-widget-spacer\" data-id=\"c77ad11\" data-element_type=\"widget\" data-widget_type=\"spacer.default\">\n\t\t\t\t<div class=\"elementor-widget-container\">\n\t\t\t\t\t\t\t<div class=\"elementor-spacer\">\n\t\t\t<div class=\"elementor-spacer-inner\"><\/div>\n\t\t<\/div>\n\t\t\t\t\t\t<\/div>\n\t\t\t\t<\/div>\n\t\t\t\t\t<\/div>\n\t\t<\/div>\n\t\t\t\t\t<\/div>\n\t\t<\/section>\n\t\t\t\t<section class=\"elementor-section elementor-top-section elementor-element elementor-element-896ec4c elementor-hidden-desktop elementor-hidden-tablet elementor-section-boxed elementor-section-height-default elementor-section-height-default\" data-id=\"896ec4c\" data-element_type=\"section\">\n\t\t\t\t\t\t<div class=\"elementor-container elementor-column-gap-default\">\n\t\t\t\t\t<div class=\"elementor-column elementor-col-100 elementor-top-column elementor-element elementor-element-7c39a23\" data-id=\"7c39a23\" data-element_type=\"column\">\n\t\t\t<div class=\"elementor-widget-wrap elementor-element-populated\">\n\t\t\t\t\t\t<div class=\"elementor-element elementor-element-79f7031 elementor-align-center elementor-widget elementor-widget-button\" data-id=\"79f7031\" data-element_type=\"widget\" data-widget_type=\"button.default\">\n\t\t\t\t<div class=\"elementor-widget-container\">\n\t\t\t\t\t\t\t\t\t<div class=\"elementor-button-wrapper\">\n\t\t\t\t\t<a class=\"elementor-button elementor-button-link elementor-size-xl elementor-animation-bob\" href=\"https:\/\/panorama-ferien-toscana.com\/it\/jetzt-ferien-planen\/\">\n\t\t\t\t\t\t<span class=\"elementor-button-content-wrapper\">\n\t\t\t\t\t\t\t\t\t<span class=\"elementor-button-text\">Ich m\u00f6chte mehr \u00fcber meine Panorama-Ferien erfahren<\/span>\n\t\t\t\t\t<\/span>\n\t\t\t\t\t<\/a>\n\t\t\t\t<\/div>\n\t\t\t\t\t\t\t\t<\/div>\n\t\t\t\t<\/div>\n\t\t\t\t\t<\/div>\n\t\t<\/div>\n\t\t\t\t\t<\/div>\n\t\t<\/section>\n\t\t\t\t<section class=\"elementor-section elementor-top-section elementor-element elementor-element-f215a80 elementor-hidden-mobile elementor-section-boxed elementor-section-height-default elementor-section-height-default\" data-id=\"f215a80\" data-element_type=\"section\">\n\t\t\t\t\t\t<div class=\"elementor-container elementor-column-gap-default\">\n\t\t\t\t\t<div class=\"elementor-column elementor-col-100 elementor-top-column elementor-element elementor-element-96c1244\" data-id=\"96c1244\" data-element_type=\"column\">\n\t\t\t<div class=\"elementor-widget-wrap elementor-element-populated\">\n\t\t\t\t\t\t<div class=\"elementor-element elementor-element-e8acec7 elementor-align-center elementor-widget elementor-widget-button\" data-id=\"e8acec7\" data-element_type=\"widget\" data-widget_type=\"button.default\">\n\t\t\t\t<div class=\"elementor-widget-container\">\n\t\t\t\t\t\t\t\t\t<div class=\"elementor-button-wrapper\">\n\t\t\t\t\t<a class=\"elementor-button elementor-button-link elementor-size-xl elementor-animation-bob\" href=\"https:\/\/panorama-ferien-toscana.com\/it\/jetzt-ferien-planen\/\">\n\t\t\t\t\t\t<span class=\"elementor-button-content-wrapper\">\n\t\t\t\t\t\t\t\t\t<span class=\"elementor-button-text\">Ich m\u00f6chte mehr \u00fcber meine Panorama-Ferien erfahren<\/span>\n\t\t\t\t\t<\/span>\n\t\t\t\t\t<\/a>\n\t\t\t\t<\/div>\n\t\t\t\t\t\t\t\t<\/div>\n\t\t\t\t<\/div>\n\t\t\t\t<div class=\"elementor-element elementor-element-1a09faf elementor-widget elementor-widget-spacer\" data-id=\"1a09faf\" data-element_type=\"widget\" data-widget_type=\"spacer.default\">\n\t\t\t\t<div class=\"elementor-widget-container\">\n\t\t\t\t\t\t\t<div class=\"elementor-spacer\">\n\t\t\t<div class=\"elementor-spacer-inner\"><\/div>\n\t\t<\/div>\n\t\t\t\t\t\t<\/div>\n\t\t\t\t<\/div>\n\t\t\t\t\t<\/div>\n\t\t<\/div>\n\t\t\t\t\t<\/div>\n\t\t<\/section>\n\t\t\t\t<section class=\"elementor-section elementor-top-section elementor-element elementor-element-1784123 elementor-section-boxed elementor-section-height-default elementor-section-height-default\" data-id=\"1784123\" data-element_type=\"section\">\n\t\t\t\t\t\t<div class=\"elementor-container elementor-column-gap-default\">\n\t\t\t\t\t<div class=\"elementor-column elementor-col-100 elementor-top-column elementor-element elementor-element-dea5a7e\" data-id=\"dea5a7e\" data-element_type=\"column\">\n\t\t\t<div class=\"elementor-widget-wrap elementor-element-populated\">\n\t\t\t\t\t\t<div class=\"elementor-element elementor-element-6372599 elementor-widget elementor-widget-spacer\" data-id=\"6372599\" data-element_type=\"widget\" data-widget_type=\"spacer.default\">\n\t\t\t\t<div class=\"elementor-widget-container\">\n\t\t\t\t\t\t\t<div class=\"elementor-spacer\">\n\t\t\t<div class=\"elementor-spacer-inner\"><\/div>\n\t\t<\/div>\n\t\t\t\t\t\t<\/div>\n\t\t\t\t<\/div>\n\t\t\t\t<div class=\"elementor-element elementor-element-6e07074 elementor-widget elementor-widget-video\" data-id=\"6e07074\" data-element_type=\"widget\" data-settings=\"{&quot;youtube_url&quot;:&quot;https:\\\/\\\/www.youtube.com\\\/watch?v=VrNcNUah4eA&quot;,&quot;video_type&quot;:&quot;youtube&quot;,&quot;controls&quot;:&quot;yes&quot;}\" data-widget_type=\"video.default\">\n\t\t\t\t<div class=\"elementor-widget-container\">\n\t\t\t\t\t\t\t<div class=\"elementor-wrapper elementor-open-inline\">\n\t\t\t<div class=\"elementor-video\"><\/div>\t\t<\/div>\n\t\t\t\t\t\t<\/div>\n\t\t\t\t<\/div>\n\t\t\t\t<div class=\"elementor-element elementor-element-e6cd5de elementor-widget elementor-widget-spacer\" data-id=\"e6cd5de\" data-element_type=\"widget\" data-widget_type=\"spacer.default\">\n\t\t\t\t<div class=\"elementor-widget-container\">\n\t\t\t\t\t\t\t<div class=\"elementor-spacer\">\n\t\t\t<div class=\"elementor-spacer-inner\"><\/div>\n\t\t<\/div>\n\t\t\t\t\t\t<\/div>\n\t\t\t\t<\/div>\n\t\t\t\t\t<\/div>\n\t\t<\/div>\n\t\t\t\t\t<\/div>\n\t\t<\/section>\n\t\t\t\t<\/div>","protected":false},"excerpt":{"rendered":"<p>Herzlich willkommen in Ihrem exklusiven Feriendomizil in der Gr\u00fcnen Toscana \u00a0 Eine unvergessliche Zeit mit f\u00fcnf gem\u00fctlichen und famili\u00e4ren Apartments von privat in einem typisch italienischen, rustikalen Landhausstil erwartet Sie\u00a0&#8230; Ich m\u00f6chte mehr \u00fcber meine Panorama-Ferien erfahren Gem\u00fctliche-famili\u00e4re Ferienwohnungen von privat\u00a0 Deutsch kundige Ansprechpartner Typischer Landhausstil mit traumhaftem Panoramablick Nahegelegener See, Meer und Thermalb\u00e4der Gut [&hellip;]<\/p>","protected":false},"author":1,"featured_media":0,"parent":0,"menu_order":0,"comment_status":"closed","ping_status":"closed","template":"","meta":{"ocean_post_layout":"full-screen","ocean_both_sidebars_style":"","ocean_both_sidebars_content_width":0,"ocean_both_sidebars_sidebars_width":0,"ocean_sidebar":"0","ocean_second_sidebar":"0","ocean_disable_margins":"enable","ocean_add_body_class":"","ocean_shortcode_before_top_bar":"","ocean_shortcode_after_top_bar":"","ocean_shortcode_before_header":"","ocean_shortcode_after_header":"","ocean_has_shortcode":"","ocean_shortcode_after_title":"","ocean_shortcode_before_footer_widgets":"","ocean_shortcode_after_footer_widgets":"","ocean_shortcode_before_footer_bottom":"","ocean_shortcode_after_footer_bottom":"","ocean_display_top_bar":"off","ocean_display_header":"default","ocean_header_style":"","ocean_center_header_left_menu":"0","ocean_custom_header_template":"0","ocean_custom_logo":427,"ocean_custom_retina_logo":427,"ocean_custom_logo_max_width":0,"ocean_custom_logo_tablet_max_width":0,"ocean_custom_logo_mobile_max_width":0,"ocean_custom_logo_max_height":0,"ocean_custom_logo_tablet_max_height":0,"ocean_custom_logo_mobile_max_height":0,"ocean_header_custom_menu":"0","ocean_menu_typo_font_family":"0","ocean_menu_typo_font_subset":"","ocean_menu_typo_font_size":0,"ocean_menu_typo_font_size_tablet":0,"ocean_menu_typo_font_size_mobile":0,"ocean_menu_typo_font_size_unit":"px","ocean_menu_typo_font_weight":"","ocean_menu_typo_font_weight_tablet":"","ocean_menu_typo_font_weight_mobile":"","ocean_menu_typo_transform":"","ocean_menu_typo_transform_tablet":"","ocean_menu_typo_transform_mobile":"","ocean_menu_typo_line_height":0,"ocean_menu_typo_line_height_tablet":0,"ocean_menu_typo_line_height_mobile":0,"ocean_menu_typo_line_height_unit":"","ocean_menu_typo_spacing":0,"ocean_menu_typo_spacing_tablet":0,"ocean_menu_typo_spacing_mobile":0,"ocean_menu_typo_spacing_unit":"","ocean_menu_link_color":"","ocean_menu_link_color_hover":"","ocean_menu_link_color_active":"","ocean_menu_link_background":"","ocean_menu_link_hover_background":"","ocean_menu_link_active_background":"","ocean_menu_social_links_bg":"","ocean_menu_social_hover_links_bg":"","ocean_menu_social_links_color":"","ocean_menu_social_hover_links_color":"","ocean_disable_title":"on","ocean_disable_heading":"default","ocean_post_title":"","ocean_post_subheading":"","ocean_post_title_style":"","ocean_post_title_background_color":"","ocean_post_title_background":0,"ocean_post_title_bg_image_position":"","ocean_post_title_bg_image_attachment":"","ocean_post_title_bg_image_repeat":"","ocean_post_title_bg_image_size":"","ocean_post_title_height":0,"ocean_post_title_bg_overlay":0.5,"ocean_post_title_bg_overlay_color":"","ocean_disable_breadcrumbs":"default","ocean_breadcrumbs_color":"","ocean_breadcrumbs_separator_color":"","ocean_breadcrumbs_links_color":"","ocean_breadcrumbs_links_hover_color":"","ocean_display_footer_widgets":"off","ocean_display_footer_bottom":"off","ocean_custom_footer_template":"0","footnotes":""},"class_list":["post-5","page","type-page","status-publish","hentry","entry"],"_links":{"self":[{"href":"https:\/\/panorama-ferien-toscana.com\/it\/wp-json\/wp\/v2\/pages\/5","targetHints":{"allow":["GET"]}}],"collection":[{"href":"https:\/\/panorama-ferien-toscana.com\/it\/wp-json\/wp\/v2\/pages"}],"about":[{"href":"https:\/\/panorama-ferien-toscana.com\/it\/wp-json\/wp\/v2\/types\/page"}],"author":[{"embeddable":true,"href":"https:\/\/panorama-ferien-toscana.com\/it\/wp-json\/wp\/v2\/users\/1"}],"replies":[{"embeddable":true,"href":"https:\/\/panorama-ferien-toscana.com\/it\/wp-json\/wp\/v2\/comments?post=5"}],"version-history":[{"count":10,"href":"https:\/\/panorama-ferien-toscana.com\/it\/wp-json\/wp\/v2\/pages\/5\/revisions"}],"predecessor-version":[{"id":5378,"href":"https:\/\/panorama-ferien-toscana.com\/it\/wp-json\/wp\/v2\/pages\/5\/revisions\/5378"}],"wp:attachment":[{"href":"https:\/\/panorama-ferien-toscana.com\/it\/wp-json\/wp\/v2\/media?parent=5"}],"curies":[{"name":"wp","href":"https:\/\/api.w.org\/{rel}","templated":true}]}}